{"id":6082,"date":"2025-11-27T14:33:50","date_gmt":"2025-11-27T14:33:50","guid":{"rendered":"https:\/\/campusvirtual.ufps.edu.co\/maestria-tic\/?page_id=6082"},"modified":"2025-11-27T14:36:27","modified_gmt":"2025-11-27T14:36:27","slug":"comunicacion-digital-y-cultura-educativa-en-entornos-conectados","status":"publish","type":"page","link":"https:\/\/campusvirtual.ufps.edu.co\/maestria-tic\/investigacion-extension\/proyectos-de-investigacion\/comunicacion-digital-y-cultura-educativa-en-entornos-conectados\/","title":{"rendered":"Comunicaci\u00f3n Digital y Cultura Educativa en Entornos Conectados"},"content":{"rendered":"\t\t<div data-elementor-type=\"wp-page\" data-elementor-id=\"6082\" class=\"elementor elementor-6082\" data-elementor-post-type=\"page\">\n\t\t\t\t\t\t<section class=\"elementor-section elementor-top-section elementor-element elementor-element-5f417551 elementor-section-boxed elementor-section-height-default elementor-section-height-default elementor-invisible\" data-id=\"5f417551\" data-element_type=\"section\" data-e-type=\"section\" data-settings=\"{&quot;animation&quot;:&quot;fadeIn&quot;}\">\n\t\t\t\t\t\t<div class=\"elementor-container elementor-column-gap-default\">\n\t\t\t\t\t<div class=\"elementor-column elementor-col-100 elementor-top-column elementor-element elementor-element-bbe7823\" data-id=\"bbe7823\" data-element_type=\"column\" data-e-type=\"column\">\n\t\t\t<div class=\"elementor-widget-wrap elementor-element-populated\">\n\t\t\t\t\t\t<section class=\"elementor-section elementor-inner-section elementor-element elementor-element-552ae9eb elementor-section-boxed elementor-section-height-default elementor-section-height-default\" data-id=\"552ae9eb\" data-element_type=\"section\" data-e-type=\"section\">\n\t\t\t\t\t\t<div class=\"elementor-container elementor-column-gap-default\">\n\t\t\t\t\t<div class=\"elementor-column elementor-col-100 elementor-inner-column elementor-element elementor-element-1d4f7516\" data-id=\"1d4f7516\" data-element_type=\"column\" data-e-type=\"column\">\n\t\t\t<div class=\"elementor-widget-wrap elementor-element-populated\">\n\t\t\t\t\t\t<section class=\"elementor-section elementor-inner-section elementor-element elementor-element-18104ac8 elementor-section-boxed elementor-section-height-default elementor-section-height-default\" data-id=\"18104ac8\" data-element_type=\"section\" data-e-type=\"section\">\n\t\t\t\t\t\t<div class=\"elementor-container elementor-column-gap-wide\">\n\t\t\t\t\t<div class=\"elementor-column elementor-col-100 elementor-inner-column elementor-element elementor-element-32c38af5\" data-id=\"32c38af5\" data-element_type=\"column\" data-e-type=\"column\">\n\t\t\t<div class=\"elementor-widget-wrap elementor-element-populated\">\n\t\t\t\t\t\t<div class=\"elementor-element elementor-element-58a755b2 elementor-widget elementor-widget-heading\" data-id=\"58a755b2\" data-element_type=\"widget\" data-e-type=\"widget\" data-widget_type=\"heading.default\">\n\t\t\t\t<div class=\"elementor-widget-container\">\n\t\t\t\t\t<h3 class=\"elementor-heading-title elementor-size-default\">Comunicaci\u00f3n Digital y Cultura Educativa en Entornos Conectados<\/h3>\t\t\t\t<\/div>\n\t\t\t\t<\/div>\n\t\t\t\t\t<\/div>\n\t\t<\/div>\n\t\t\t\t\t<\/div>\n\t\t<\/section>\n\t\t\t\t<section class=\"elementor-section elementor-inner-section elementor-element elementor-element-59e1b83e elementor-section-boxed elementor-section-height-default elementor-section-height-default\" data-id=\"59e1b83e\" data-element_type=\"section\" data-e-type=\"section\">\n\t\t\t\t\t\t<div class=\"elementor-container elementor-column-gap-wide\">\n\t\t\t\t\t<div class=\"elementor-column elementor-col-50 elementor-inner-column elementor-element elementor-element-26e0cd5b\" data-id=\"26e0cd5b\" data-element_type=\"column\" data-e-type=\"column\">\n\t\t\t<div class=\"elementor-widget-wrap elementor-element-populated\">\n\t\t\t\t\t\t<div class=\"elementor-element elementor-element-12b71570 elementor-widget elementor-widget-heading\" data-id=\"12b71570\" data-element_type=\"widget\" data-e-type=\"widget\" data-widget_type=\"heading.default\">\n\t\t\t\t<div class=\"elementor-widget-container\">\n\t\t\t\t\t<h5 class=\"elementor-heading-title elementor-size-default\">Resumen<\/h5>\t\t\t\t<\/div>\n\t\t\t\t<\/div>\n\t\t\t\t<div class=\"elementor-element elementor-element-6e061a3a elementor-widget elementor-widget-text-editor\" data-id=\"6e061a3a\" data-element_type=\"widget\" data-e-type=\"widget\" data-widget_type=\"text-editor.default\">\n\t\t\t\t<div class=\"elementor-widget-container\">\n\t\t\t\t\t\t\t\t\t<p>Analiza fen\u00f3menos comunicativos en ambientes digitales, su impacto en la interacci\u00f3n educativa, las pr\u00e1cticas culturales y las nuevas formas de alfabetizaci\u00f3n medi\u00e1tica.<\/p>\t\t\t\t\t\t\t\t<\/div>\n\t\t\t\t<\/div>\n\t\t\t\t\t<\/div>\n\t\t<\/div>\n\t\t\t\t<div class=\"elementor-column elementor-col-50 elementor-inner-column elementor-element elementor-element-da41c67\" data-id=\"da41c67\" data-element_type=\"column\" data-e-type=\"column\">\n\t\t\t<div class=\"elementor-widget-wrap elementor-element-populated\">\n\t\t\t\t\t\t<div class=\"elementor-element elementor-element-22a743df elementor-widget elementor-widget-heading\" data-id=\"22a743df\" data-element_type=\"widget\" data-e-type=\"widget\" data-widget_type=\"heading.default\">\n\t\t\t\t<div class=\"elementor-widget-container\">\n\t\t\t\t\t<h5 class=\"elementor-heading-title elementor-size-default\">Autores<\/h5>\t\t\t\t<\/div>\n\t\t\t\t<\/div>\n\t\t\t\t<div class=\"elementor-element elementor-element-835d63c elementor-widget elementor-widget-text-editor\" data-id=\"835d63c\" data-element_type=\"widget\" data-e-type=\"widget\" data-widget_type=\"text-editor.default\">\n\t\t\t\t<div class=\"elementor-widget-container\">\n\t\t\t\t\t\t\t\t\t<ul><li>\u00a0<\/li><\/ul>\t\t\t\t\t\t\t\t<\/div>\n\t\t\t\t<\/div>\n\t\t\t\t\t<\/div>\n\t\t<\/div>\n\t\t\t\t\t<\/div>\n\t\t<\/section>\n\t\t\t\t<section class=\"elementor-section elementor-inner-section elementor-element elementor-element-1b92f453 elementor-section-boxed elementor-section-height-default elementor-section-height-default\" data-id=\"1b92f453\" data-element_type=\"section\" data-e-type=\"section\">\n\t\t\t\t\t\t<div class=\"elementor-container elementor-column-gap-wide\">\n\t\t\t\t\t<div class=\"elementor-column elementor-col-50 elementor-inner-column elementor-element elementor-element-d112437\" data-id=\"d112437\" data-element_type=\"column\" data-e-type=\"column\">\n\t\t\t<div class=\"elementor-widget-wrap elementor-element-populated\">\n\t\t\t\t\t\t<div class=\"elementor-element elementor-element-51839fee elementor-widget elementor-widget-heading\" data-id=\"51839fee\" data-element_type=\"widget\" data-e-type=\"widget\" data-widget_type=\"heading.default\">\n\t\t\t\t<div class=\"elementor-widget-container\">\n\t\t\t\t\t<h5 class=\"elementor-heading-title elementor-size-default\">Objetivo General<\/h5>\t\t\t\t<\/div>\n\t\t\t\t<\/div>\n\t\t\t\t<div class=\"elementor-element elementor-element-c65c724 elementor-widget elementor-widget-text-editor\" data-id=\"c65c724\" data-element_type=\"widget\" data-e-type=\"widget\" data-widget_type=\"text-editor.default\">\n\t\t\t\t<div class=\"elementor-widget-container\">\n\t\t\t\t\t\t\t\t\t<p>Estudiar procesos de comunicaci\u00f3n digital aplicados a escenarios educativos emergentes.<\/p>\t\t\t\t\t\t\t\t<\/div>\n\t\t\t\t<\/div>\n\t\t\t\t\t<\/div>\n\t\t<\/div>\n\t\t\t\t<div class=\"elementor-column elementor-col-50 elementor-inner-column elementor-element elementor-element-7b666991\" data-id=\"7b666991\" data-element_type=\"column\" data-e-type=\"column\">\n\t\t\t<div class=\"elementor-widget-wrap elementor-element-populated\">\n\t\t\t\t\t\t<div class=\"elementor-element elementor-element-5d86689b elementor-widget elementor-widget-heading\" data-id=\"5d86689b\" data-element_type=\"widget\" data-e-type=\"widget\" data-widget_type=\"heading.default\">\n\t\t\t\t<div class=\"elementor-widget-container\">\n\t\t\t\t\t<h5 class=\"elementor-heading-title elementor-size-default\">Objetivos Espec\u00edficos<\/h5>\t\t\t\t<\/div>\n\t\t\t\t<\/div>\n\t\t\t\t<div class=\"elementor-element elementor-element-52b1b866 elementor-widget elementor-widget-text-editor\" data-id=\"52b1b866\" data-element_type=\"widget\" data-e-type=\"widget\" data-widget_type=\"text-editor.default\">\n\t\t\t\t<div class=\"elementor-widget-container\">\n\t\t\t\t\t\t\t\t\t<ul><li style=\"font-weight: 400\"><span style=\"font-weight: 400\">Explorar pr\u00e1cticas comunicativas transmedia.<\/span><p>\u00a0<\/p><\/li><li style=\"font-weight: 400\"><span style=\"font-weight: 400\">Analizar la mediaci\u00f3n tecnol\u00f3gica en el aprendizaje.<\/span><p>\u00a0<\/p><\/li><li style=\"font-weight: 400\"><span style=\"font-weight: 400\">Evaluar competencias de ciudadan\u00eda digital.<\/span><p>\u00a0<\/p><\/li><li style=\"font-weight: 400\"><span style=\"font-weight: 400\">Proponer estrategias para comunicaci\u00f3n educativa efectiva.<\/span><\/li><\/ul>\t\t\t\t\t\t\t\t<\/div>\n\t\t\t\t<\/div>\n\t\t\t\t\t<\/div>\n\t\t<\/div>\n\t\t\t\t\t<\/div>\n\t\t<\/section>\n\t\t\t\t<section class=\"elementor-section elementor-inner-section elementor-element elementor-element-78ff392d elementor-section-boxed elementor-section-height-default elementor-section-height-default\" data-id=\"78ff392d\" data-element_type=\"section\" data-e-type=\"section\">\n\t\t\t\t\t\t<div class=\"elementor-container elementor-column-gap-wide\">\n\t\t\t\t\t<div class=\"elementor-column elementor-col-100 elementor-inner-column elementor-element elementor-element-3a6efee6\" data-id=\"3a6efee6\" data-element_type=\"column\" data-e-type=\"column\">\n\t\t\t<div class=\"elementor-widget-wrap elementor-element-populated\">\n\t\t\t\t\t\t<div class=\"elementor-element elementor-element-5ae3bb6 elementor-widget elementor-widget-heading\" data-id=\"5ae3bb6\" data-element_type=\"widget\" data-e-type=\"widget\" data-widget_type=\"heading.default\">\n\t\t\t\t<div class=\"elementor-widget-container\">\n\t\t\t\t\t<h5 class=\"elementor-heading-title elementor-size-default\"><span style=\"font-size: 1.25rem\">Metodolog\u00eda <\/span><span style=\"font-size: 1.25rem;font-style: inherit\"><\/span><br><\/h5>\t\t\t\t<\/div>\n\t\t\t\t<\/div>\n\t\t\t\t<div class=\"elementor-element elementor-element-6b8abbc7 elementor-widget elementor-widget-text-editor\" data-id=\"6b8abbc7\" data-element_type=\"widget\" data-e-type=\"widget\" data-widget_type=\"text-editor.default\">\n\t\t\t\t<div class=\"elementor-widget-container\">\n\t\t\t\t\t\t\t\t\t<p>An\u00e1lisis del discurso digital, estudios etnogr\u00e1ficos digitales, encuestas, an\u00e1lisis de redes sociales.<\/p>\t\t\t\t\t\t\t\t<\/div>\n\t\t\t\t<\/div>\n\t\t\t\t\t<\/div>\n\t\t<\/div>\n\t\t\t\t\t<\/div>\n\t\t<\/section>\n\t\t\t\t<section class=\"elementor-section elementor-inner-section elementor-element elementor-element-9c5622a elementor-section-boxed elementor-section-height-default elementor-section-height-default\" data-id=\"9c5622a\" data-element_type=\"section\" data-e-type=\"section\">\n\t\t\t\t\t\t<div class=\"elementor-container elementor-column-gap-wide\">\n\t\t\t\t\t<div class=\"elementor-column elementor-col-100 elementor-inner-column elementor-element elementor-element-626c6236\" data-id=\"626c6236\" data-element_type=\"column\" data-e-type=\"column\">\n\t\t\t<div class=\"elementor-widget-wrap elementor-element-populated\">\n\t\t\t\t\t\t<div class=\"elementor-element elementor-element-61036998 elementor-widget elementor-widget-heading\" data-id=\"61036998\" data-element_type=\"widget\" data-e-type=\"widget\" data-widget_type=\"heading.default\">\n\t\t\t\t<div class=\"elementor-widget-container\">\n\t\t\t\t\t<h5 class=\"elementor-heading-title elementor-size-default\"><span style=\"font-size: 1.25rem\">Resultados<\/span><\/h5>\t\t\t\t<\/div>\n\t\t\t\t<\/div>\n\t\t\t\t<div class=\"elementor-element elementor-element-4de2a31f elementor-widget elementor-widget-heading\" data-id=\"4de2a31f\" data-element_type=\"widget\" data-e-type=\"widget\" data-widget_type=\"heading.default\">\n\t\t\t\t<div class=\"elementor-widget-container\">\n\t\t\t\t\t<h5 class=\"elementor-heading-title elementor-size-default\">Cientificos<\/h5>\t\t\t\t<\/div>\n\t\t\t\t<\/div>\n\t\t\t\t<div class=\"elementor-element elementor-element-44f3d2e2 elementor-widget elementor-widget-accordion\" data-id=\"44f3d2e2\" data-element_type=\"widget\" data-e-type=\"widget\" data-widget_type=\"accordion.default\">\n\t\t\t\t<div class=\"elementor-widget-container\">\n\t\t\t\t\t\t\t<div class=\"elementor-accordion\">\n\t\t\t\t\t\t\t<div class=\"elementor-accordion-item\">\n\t\t\t\t\t<div id=\"elementor-tab-title-1151\" class=\"elementor-tab-title\" data-tab=\"1\" role=\"button\" aria-controls=\"elementor-tab-content-1151\" aria-expanded=\"false\">\n\t\t\t\t\t\t\t\t\t\t\t\t\t<span class=\"elementor-accordion-icon elementor-accordion-icon-left\" aria-hidden=\"true\">\n\t\t\t\t\t\t\t\t\t\t\t\t\t\t\t<span class=\"elementor-accordion-icon-closed\"><i class=\"fas fa-plus\"><\/i><\/span>\n\t\t\t\t\t\t\t\t<span class=\"elementor-accordion-icon-opened\"><i class=\"fas fa-minus\"><\/i><\/span>\n\t\t\t\t\t\t\t\t\t\t\t\t\t\t<\/span>\n\t\t\t\t\t\t\t\t\t\t\t\t<a class=\"elementor-accordion-title\" tabindex=\"0\">Tesis<\/a>\n\t\t\t\t\t<\/div>\n\t\t\t\t\t<div id=\"elementor-tab-content-1151\" class=\"elementor-tab-content elementor-clearfix\" data-tab=\"1\" role=\"region\" aria-labelledby=\"elementor-tab-title-1151\"><ul><li><a href=\"https:\/\/repositorio.ufps.edu.co\/entities\/publication\/c529faad-c1cd-4826-839d-ea930b1fcb7e\">PERCEPCI\u00d3N DE DOCENTES Y ESTUDIANTES SOBRE LA IMPLEMENTACI\u00d3N DE LAS HERRAMIENTAS DIGITALES EN LOS PROCESOS DE ENSE\u00d1ANZA DE LAS TIC Y SU RELACI\u00d3N CON LA ALFABETIZACI\u00d3N DIGITAL<\/a><\/li><li><a href=\"https:\/\/repositorio.ufps.edu.co\/entities\/publication\/3aa2a0d3-20b9-491a-85a2-5f734f4e83b4\">\u00c9TICA Y VALORES EN UN TIKTOK: UN CASO DE ESTUDIO EN EL INSTITUTO T\u00c9CNICO BUENA ESPERANZA C\u00daCUTA-COLOMBIA<\/a><\/li><li><a href=\"https:\/\/repositorio.ufps.edu.co\/entities\/publication\/b89e2c58-9410-4d91-90b8-0006e5b1f1d0\">EL PODCAST COMO ESTRATEGIA DE FORTALECIMIENTO DE LA ESCRITURA EN ESTUDIANTES DE TERCER SEMESTRE DEL PROGRAMA LICENCIATURA EN EDUCACI\u00d3N INFANTIL UFPS<\/a><\/li><li><a href=\"https:\/\/repositorio.ufps.edu.co\/entities\/publication\/1354a17d-520b-4ce8-bd58-2a8c85c61799\">EXPLORACI\u00d3N DE BRECHAS DIGITALES Y TECNOL\u00d3GICAS EN ENTORNOS EDUCATIVOS VIRTUALES INTERGENERACIONALES<\/a><\/li><\/ul><\/div>\n\t\t\t\t<\/div>\n\t\t\t\t\t\t\t\t<\/div>\n\t\t\t\t\t\t<\/div>\n\t\t\t\t<\/div>\n\t\t\t\t\t<\/div>\n\t\t<\/div>\n\t\t\t\t\t<\/div>\n\t\t<\/section>\n\t\t\t\t\t<\/div>\n\t\t<\/div>\n\t\t\t\t\t<\/div>\n\t\t<\/section>\n\t\t\t\t\t<\/div>\n\t\t<\/div>\n\t\t\t\t\t<\/div>\n\t\t<\/section>\n\t\t\t\t<\/div>\n\t\t","protected":false},"excerpt":{"rendered":"<p>Comunicaci\u00f3n Digital y Cultura Educativa en Entornos Conectados Resumen Analiza fen\u00f3menos comunicativos en ambientes digitales, su impacto en la interacci\u00f3n educativa, las pr\u00e1cticas culturales y las nuevas formas de alfabetizaci\u00f3n medi\u00e1tica. Autores \u00a0 Objetivo General Estudiar procesos de comunicaci\u00f3n digital aplicados a escenarios educativos emergentes. Objetivos Espec\u00edficos Explorar pr\u00e1cticas comunicativas transmedia. \u00a0 Analizar la mediaci\u00f3n [&hellip;]<\/p>\n","protected":false},"author":13,"featured_media":0,"parent":5857,"menu_order":0,"comment_status":"closed","ping_status":"closed","template":"","meta":{"_acf_changed":false,"_uag_custom_page_level_css":"","site-sidebar-layout":"no-sidebar","site-content-layout":"","ast-site-content-layout":"full-width-container","site-content-style":"default","site-sidebar-style":"default","ast-global-header-display":"","ast-banner-title-visibility":"","ast-main-header-display":"","ast-hfb-above-header-display":"","ast-hfb-below-header-display":"","ast-hfb-mobile-header-display":"","site-post-title":"","ast-breadcrumbs-content":"","ast-featured-img":"disabled","footer-sml-layout":"","ast-disable-related-posts":"","theme-transparent-header-meta":"","adv-header-id-meta":"","stick-header-meta":"","header-above-stick-meta":"","header-main-stick-meta":"","header-below-stick-meta":"","astra-migrate-meta-layouts":"default","ast-page-background-enabled":"default","ast-page-background-meta":{"desktop":{"background-color":"var(--ast-global-color-4)","background-image":"","background-repeat":"repeat","background-position":"center center","background-size":"auto","background-attachment":"scroll","background-type":"","background-media":"","overlay-type":"","overlay-color":"","overlay-opacity":"","overlay-gradient":""},"tablet":{"background-color":"","background-image":"","background-repeat":"repeat","background-position":"center center","background-size":"auto","background-attachment":"scroll","background-type":"","background-media":"","overlay-type":"","overlay-color":"","overlay-opacity":"","overlay-gradient":""},"mobile":{"background-color":"","background-image":"","background-repeat":"repeat","background-position":"center center","background-size":"auto","background-attachment":"scroll","background-type":"","background-media":"","overlay-type":"","overlay-color":"","overlay-opacity":"","overlay-gradient":""}},"ast-content-background-meta":{"desktop":{"background-color":"var(--ast-global-color-5)","background-image":"","background-repeat":"repeat","background-position":"center center","background-size":"auto","background-attachment":"scroll","background-type":"","background-media":"","overlay-type":"","overlay-color":"","overlay-opacity":"","overlay-gradient":""},"tablet":{"background-color":"var(--ast-global-color-5)","background-image":"","background-repeat":"repeat","background-position":"center center","background-size":"auto","background-attachment":"scroll","background-type":"","background-media":"","overlay-type":"","overlay-color":"","overlay-opacity":"","overlay-gradient":""},"mobile":{"background-color":"var(--ast-global-color-5)","background-image":"","background-repeat":"repeat","background-position":"center center","background-size":"auto","background-attachment":"scroll","background-type":"","background-media":"","overlay-type":"","overlay-color":"","overlay-opacity":"","overlay-gradient":""}},"footnotes":""},"class_list":["post-6082","page","type-page","status-publish","hentry"],"acf":[],"yoast_head":"<!-- This site is optimized with the Yoast SEO plugin v27.3 - https:\/\/yoast.com\/product\/yoast-seo-wordpress\/ -->\n<title>Comunicaci\u00f3n Digital y Cultura Educativa en Entornos Conectados -<\/title>\n<meta name=\"robots\" content=\"index, follow, max-snippet:-1, max-image-preview:large, max-video-preview:-1\" \/>\n<link rel=\"canonical\" href=\"https:\/\/campusvirtual.ufps.edu.co\/maestria-tic\/investigacion-extension\/proyectos-de-investigacion\/comunicacion-digital-y-cultura-educativa-en-entornos-conectados\/\" \/>\n<meta property=\"og:locale\" content=\"en_US\" \/>\n<meta property=\"og:type\" content=\"article\" \/>\n<meta property=\"og:title\" content=\"Comunicaci\u00f3n Digital y Cultura Educativa en Entornos Conectados -\" \/>\n<meta property=\"og:description\" content=\"Comunicaci\u00f3n Digital y Cultura Educativa en Entornos Conectados Resumen Analiza fen\u00f3menos comunicativos en ambientes digitales, su impacto en la interacci\u00f3n educativa, las pr\u00e1cticas culturales y las nuevas formas de alfabetizaci\u00f3n medi\u00e1tica. Autores \u00a0 Objetivo General Estudiar procesos de comunicaci\u00f3n digital aplicados a escenarios educativos emergentes. Objetivos Espec\u00edficos Explorar pr\u00e1cticas comunicativas transmedia. \u00a0 Analizar la mediaci\u00f3n [&hellip;]\" \/>\n<meta property=\"og:url\" content=\"https:\/\/campusvirtual.ufps.edu.co\/maestria-tic\/investigacion-extension\/proyectos-de-investigacion\/comunicacion-digital-y-cultura-educativa-en-entornos-conectados\/\" \/>\n<meta property=\"article:modified_time\" content=\"2025-11-27T14:36:27+00:00\" \/>\n<meta name=\"twitter:card\" content=\"summary_large_image\" \/>\n<meta name=\"twitter:label1\" content=\"Est. reading time\" \/>\n\t<meta name=\"twitter:data1\" content=\"1 minute\" \/>\n<script type=\"application\/ld+json\" class=\"yoast-schema-graph\">{\"@context\":\"https:\\\/\\\/schema.org\",\"@graph\":[{\"@type\":\"WebPage\",\"@id\":\"https:\\\/\\\/campusvirtual.ufps.edu.co\\\/maestria-tic\\\/investigacion-extension\\\/proyectos-de-investigacion\\\/comunicacion-digital-y-cultura-educativa-en-entornos-conectados\\\/\",\"url\":\"https:\\\/\\\/campusvirtual.ufps.edu.co\\\/maestria-tic\\\/investigacion-extension\\\/proyectos-de-investigacion\\\/comunicacion-digital-y-cultura-educativa-en-entornos-conectados\\\/\",\"name\":\"Comunicaci\u00f3n Digital y Cultura Educativa en Entornos Conectados -\",\"isPartOf\":{\"@id\":\"https:\\\/\\\/campusvirtual.ufps.edu.co\\\/maestria-tic\\\/#website\"},\"datePublished\":\"2025-11-27T14:33:50+00:00\",\"dateModified\":\"2025-11-27T14:36:27+00:00\",\"breadcrumb\":{\"@id\":\"https:\\\/\\\/campusvirtual.ufps.edu.co\\\/maestria-tic\\\/investigacion-extension\\\/proyectos-de-investigacion\\\/comunicacion-digital-y-cultura-educativa-en-entornos-conectados\\\/#breadcrumb\"},\"inLanguage\":\"en-US\",\"potentialAction\":[{\"@type\":\"ReadAction\",\"target\":[\"https:\\\/\\\/campusvirtual.ufps.edu.co\\\/maestria-tic\\\/investigacion-extension\\\/proyectos-de-investigacion\\\/comunicacion-digital-y-cultura-educativa-en-entornos-conectados\\\/\"]}]},{\"@type\":\"BreadcrumbList\",\"@id\":\"https:\\\/\\\/campusvirtual.ufps.edu.co\\\/maestria-tic\\\/investigacion-extension\\\/proyectos-de-investigacion\\\/comunicacion-digital-y-cultura-educativa-en-entornos-conectados\\\/#breadcrumb\",\"itemListElement\":[{\"@type\":\"ListItem\",\"position\":1,\"name\":\"Presentaci\u00f3n\",\"item\":\"https:\\\/\\\/campusvirtual.ufps.edu.co\\\/maestria-tic\\\/\"},{\"@type\":\"ListItem\",\"position\":2,\"name\":\"Investigaci\u00f3n &#8211; Extensi\u00f3n\",\"item\":\"https:\\\/\\\/campusvirtual.ufps.edu.co\\\/maestria-tic\\\/investigacion-extension\\\/\"},{\"@type\":\"ListItem\",\"position\":3,\"name\":\"Proyectos de Investigaci\u00f3n\",\"item\":\"https:\\\/\\\/campusvirtual.ufps.edu.co\\\/maestria-tic\\\/investigacion-extension\\\/proyectos-de-investigacion\\\/\"},{\"@type\":\"ListItem\",\"position\":4,\"name\":\"Comunicaci\u00f3n Digital y Cultura Educativa en Entornos Conectados\"}]},{\"@type\":\"WebSite\",\"@id\":\"https:\\\/\\\/campusvirtual.ufps.edu.co\\\/maestria-tic\\\/#website\",\"url\":\"https:\\\/\\\/campusvirtual.ufps.edu.co\\\/maestria-tic\\\/\",\"name\":\"\",\"description\":\"Maestr\u00eda en TIC\",\"potentialAction\":[{\"@type\":\"SearchAction\",\"target\":{\"@type\":\"EntryPoint\",\"urlTemplate\":\"https:\\\/\\\/campusvirtual.ufps.edu.co\\\/maestria-tic\\\/?s={search_term_string}\"},\"query-input\":{\"@type\":\"PropertyValueSpecification\",\"valueRequired\":true,\"valueName\":\"search_term_string\"}}],\"inLanguage\":\"en-US\"}]}<\/script>\n<!-- \/ Yoast SEO plugin. -->","yoast_head_json":{"title":"Comunicaci\u00f3n Digital y Cultura Educativa en Entornos Conectados -","robots":{"index":"index","follow":"follow","max-snippet":"max-snippet:-1","max-image-preview":"max-image-preview:large","max-video-preview":"max-video-preview:-1"},"canonical":"https:\/\/campusvirtual.ufps.edu.co\/maestria-tic\/investigacion-extension\/proyectos-de-investigacion\/comunicacion-digital-y-cultura-educativa-en-entornos-conectados\/","og_locale":"en_US","og_type":"article","og_title":"Comunicaci\u00f3n Digital y Cultura Educativa en Entornos Conectados -","og_description":"Comunicaci\u00f3n Digital y Cultura Educativa en Entornos Conectados Resumen Analiza fen\u00f3menos comunicativos en ambientes digitales, su impacto en la interacci\u00f3n educativa, las pr\u00e1cticas culturales y las nuevas formas de alfabetizaci\u00f3n medi\u00e1tica. Autores \u00a0 Objetivo General Estudiar procesos de comunicaci\u00f3n digital aplicados a escenarios educativos emergentes. Objetivos Espec\u00edficos Explorar pr\u00e1cticas comunicativas transmedia. \u00a0 Analizar la mediaci\u00f3n [&hellip;]","og_url":"https:\/\/campusvirtual.ufps.edu.co\/maestria-tic\/investigacion-extension\/proyectos-de-investigacion\/comunicacion-digital-y-cultura-educativa-en-entornos-conectados\/","article_modified_time":"2025-11-27T14:36:27+00:00","twitter_card":"summary_large_image","twitter_misc":{"Est. reading time":"1 minute"},"schema":{"@context":"https:\/\/schema.org","@graph":[{"@type":"WebPage","@id":"https:\/\/campusvirtual.ufps.edu.co\/maestria-tic\/investigacion-extension\/proyectos-de-investigacion\/comunicacion-digital-y-cultura-educativa-en-entornos-conectados\/","url":"https:\/\/campusvirtual.ufps.edu.co\/maestria-tic\/investigacion-extension\/proyectos-de-investigacion\/comunicacion-digital-y-cultura-educativa-en-entornos-conectados\/","name":"Comunicaci\u00f3n Digital y Cultura Educativa en Entornos Conectados -","isPartOf":{"@id":"https:\/\/campusvirtual.ufps.edu.co\/maestria-tic\/#website"},"datePublished":"2025-11-27T14:33:50+00:00","dateModified":"2025-11-27T14:36:27+00:00","breadcrumb":{"@id":"https:\/\/campusvirtual.ufps.edu.co\/maestria-tic\/investigacion-extension\/proyectos-de-investigacion\/comunicacion-digital-y-cultura-educativa-en-entornos-conectados\/#breadcrumb"},"inLanguage":"en-US","potentialAction":[{"@type":"ReadAction","target":["https:\/\/campusvirtual.ufps.edu.co\/maestria-tic\/investigacion-extension\/proyectos-de-investigacion\/comunicacion-digital-y-cultura-educativa-en-entornos-conectados\/"]}]},{"@type":"BreadcrumbList","@id":"https:\/\/campusvirtual.ufps.edu.co\/maestria-tic\/investigacion-extension\/proyectos-de-investigacion\/comunicacion-digital-y-cultura-educativa-en-entornos-conectados\/#breadcrumb","itemListElement":[{"@type":"ListItem","position":1,"name":"Presentaci\u00f3n","item":"https:\/\/campusvirtual.ufps.edu.co\/maestria-tic\/"},{"@type":"ListItem","position":2,"name":"Investigaci\u00f3n &#8211; Extensi\u00f3n","item":"https:\/\/campusvirtual.ufps.edu.co\/maestria-tic\/investigacion-extension\/"},{"@type":"ListItem","position":3,"name":"Proyectos de Investigaci\u00f3n","item":"https:\/\/campusvirtual.ufps.edu.co\/maestria-tic\/investigacion-extension\/proyectos-de-investigacion\/"},{"@type":"ListItem","position":4,"name":"Comunicaci\u00f3n Digital y Cultura Educativa en Entornos Conectados"}]},{"@type":"WebSite","@id":"https:\/\/campusvirtual.ufps.edu.co\/maestria-tic\/#website","url":"https:\/\/campusvirtual.ufps.edu.co\/maestria-tic\/","name":"","description":"Maestr\u00eda en TIC","potentialAction":[{"@type":"SearchAction","target":{"@type":"EntryPoint","urlTemplate":"https:\/\/campusvirtual.ufps.edu.co\/maestria-tic\/?s={search_term_string}"},"query-input":{"@type":"PropertyValueSpecification","valueRequired":true,"valueName":"search_term_string"}}],"inLanguage":"en-US"}]}},"uagb_featured_image_src":{"full":false,"thumbnail":false,"medium":false,"medium_large":false,"large":false,"1536x1536":false,"2048x2048":false},"uagb_author_info":{"display_name":"","author_link":"https:\/\/campusvirtual.ufps.edu.co\/maestria-tic\/blog\/author\/"},"uagb_comment_info":0,"uagb_excerpt":"Comunicaci\u00f3n Digital y Cultura Educativa en Entornos Conectados Resumen Analiza fen\u00f3menos comunicativos en ambientes digitales, su impacto en la interacci\u00f3n educativa, las pr\u00e1cticas culturales y las nuevas formas de alfabetizaci\u00f3n medi\u00e1tica. Autores \u00a0 Objetivo General Estudiar procesos de comunicaci\u00f3n digital aplicados a escenarios educativos emergentes. Objetivos Espec\u00edficos Explorar pr\u00e1cticas comunicativas transmedia. \u00a0 Analizar la mediaci\u00f3n&hellip;","_links":{"self":[{"href":"https:\/\/campusvirtual.ufps.edu.co\/maestria-tic\/wp-json\/wp\/v2\/pages\/6082","targetHints":{"allow":["GET"]}}],"collection":[{"href":"https:\/\/campusvirtual.ufps.edu.co\/maestria-tic\/wp-json\/wp\/v2\/pages"}],"about":[{"href":"https:\/\/campusvirtual.ufps.edu.co\/maestria-tic\/wp-json\/wp\/v2\/types\/page"}],"author":[{"embeddable":true,"href":"https:\/\/campusvirtual.ufps.edu.co\/maestria-tic\/wp-json\/wp\/v2\/users\/13"}],"replies":[{"embeddable":true,"href":"https:\/\/campusvirtual.ufps.edu.co\/maestria-tic\/wp-json\/wp\/v2\/comments?post=6082"}],"version-history":[{"count":10,"href":"https:\/\/campusvirtual.ufps.edu.co\/maestria-tic\/wp-json\/wp\/v2\/pages\/6082\/revisions"}],"predecessor-version":[{"id":6096,"href":"https:\/\/campusvirtual.ufps.edu.co\/maestria-tic\/wp-json\/wp\/v2\/pages\/6082\/revisions\/6096"}],"up":[{"embeddable":true,"href":"https:\/\/campusvirtual.ufps.edu.co\/maestria-tic\/wp-json\/wp\/v2\/pages\/5857"}],"wp:attachment":[{"href":"https:\/\/campusvirtual.ufps.edu.co\/maestria-tic\/wp-json\/wp\/v2\/media?parent=6082"}],"curies":[{"name":"wp","href":"https:\/\/api.w.org\/{rel}","templated":true}]}}